{"id":14777,"date":"2023-07-13T10:45:05","date_gmt":"2023-07-13T13:45:05","guid":{"rendered":"http:\/\/sobradinho.rs.gov.br\/portal\/?page_id=14777"},"modified":"2025-05-29T11:30:34","modified_gmt":"2025-05-29T14:30:34","slug":"planejamento-e-servicos-da-educacao","status":"publish","type":"page","link":"http:\/\/www.sobradinho.rs.gov.br\/portal\/?page_id=14777","title":{"rendered":"Planejamento e Servi\u00e7os da Educa\u00e7\u00e3o"},"content":{"rendered":"\t\t<div data-elementor-type=\"wp-page\" data-elementor-id=\"14777\" class=\"elementor elementor-14777\" data-elementor-settings=\"{&quot;ha_cmc_init_switcher&quot;:&quot;no&quot;}\" data-elementor-post-type=\"page\">\n\t\t\t\t\t\t<section class=\"elementor-section elementor-top-section elementor-element elementor-element-8c62d6f elementor-section-boxed elementor-section-height-default elementor-section-height-default\" data-id=\"8c62d6f\" data-element_type=\"section\" data-settings=\"{&quot;_ha_eqh_enable&quot;:false}\">\n\t\t\t\t\t\t<div class=\"elementor-container elementor-column-gap-default\">\n\t\t\t\t\t<div class=\"elementor-column elementor-col-100 elementor-top-column elementor-element elementor-element-1e8f748\" data-id=\"1e8f748\" data-element_type=\"column\">\n\t\t\t<div class=\"elementor-widget-wrap elementor-element-populated\">\n\t\t\t\t\t\t<div class=\"elementor-element elementor-element-1887851 elementor-widget elementor-widget-toggle\" data-id=\"1887851\" data-element_type=\"widget\" data-widget_type=\"toggle.default\">\n\t\t\t\t<div class=\"elementor-widget-container\">\n\t\t\t\t\t\t\t<div class=\"elementor-toggle\">\n\t\t\t\t\t\t\t<div class=\"elementor-toggle-item\">\n\t\t\t\t\t<div id=\"elementor-tab-title-2571\" class=\"elementor-tab-title\" data-tab=\"1\" role=\"button\" aria-controls=\"elementor-tab-content-2571\" aria-expanded=\"false\">\n\t\t\t\t\t\t\t\t\t\t\t\t<span class=\"elementor-toggle-icon elementor-toggle-icon-left\" aria-hidden=\"true\">\n\t\t\t\t\t\t\t\t\t\t\t\t\t\t\t<span class=\"elementor-toggle-icon-closed\"><i class=\"fas fa-caret-right\"><\/i><\/span>\n\t\t\t\t\t\t\t\t<span class=\"elementor-toggle-icon-opened\"><i class=\"elementor-toggle-icon-opened fas fa-caret-up\"><\/i><\/span>\n\t\t\t\t\t\t\t\t\t\t\t\t\t<\/span>\n\t\t\t\t\t\t\t\t\t\t\t\t<a class=\"elementor-toggle-title\" tabindex=\"0\">PLANEJAMENTO E RELAT\u00d3RIO DE GEST\u00c3O EM EDUCA\u00c7\u00c3O<\/a>\n\t\t\t\t\t<\/div>\n\n\t\t\t\t\t<div id=\"elementor-tab-content-2571\" class=\"elementor-tab-content elementor-clearfix\" data-tab=\"1\" role=\"region\" aria-labelledby=\"elementor-tab-title-2571\"><ul><li>Plano Municipal de Educa\u00e7\u00e3o<\/li><li>Relat\u00f3rio de Resultados<\/li><\/ul><\/div>\n\t\t\t\t<\/div>\n\t\t\t\t\t\t\t<div class=\"elementor-toggle-item\">\n\t\t\t\t\t<div id=\"elementor-tab-title-2572\" class=\"elementor-tab-title\" data-tab=\"2\" role=\"button\" aria-controls=\"elementor-tab-content-2572\" aria-expanded=\"false\">\n\t\t\t\t\t\t\t\t\t\t\t\t<span class=\"elementor-toggle-icon elementor-toggle-icon-left\" aria-hidden=\"true\">\n\t\t\t\t\t\t\t\t\t\t\t\t\t\t\t<span class=\"elementor-toggle-icon-closed\"><i class=\"fas fa-caret-right\"><\/i><\/span>\n\t\t\t\t\t\t\t\t<span class=\"elementor-toggle-icon-opened\"><i class=\"elementor-toggle-icon-opened fas fa-caret-up\"><\/i><\/span>\n\t\t\t\t\t\t\t\t\t\t\t\t\t<\/span>\n\t\t\t\t\t\t\t\t\t\t\t\t<a class=\"elementor-toggle-title\" tabindex=\"0\">ATRIBUI\u00c7\u00d5ES DA SECRETARIA DA EDUCA\u00c7\u00c3O<\/a>\n\t\t\t\t\t<\/div>\n\n\t\t\t\t\t<div id=\"elementor-tab-content-2572\" class=\"elementor-tab-content elementor-clearfix\" data-tab=\"2\" role=\"region\" aria-labelledby=\"elementor-tab-title-2572\"><p>Est\u00e1 comprometida com as atividades educacionais, no \u00e2mbito municipal em conson\u00e2ncia com as diretrizes enunciadas pelos \u00f3rg\u00e3os e entidades pertinentes, especialmente relacionadas com a educa\u00e7\u00e3o infantil e ensino fundamental;<br \/>-Controle e administra\u00e7\u00e3o do transporte escolar;<br \/>-Servi\u00e7o de merenda escolar e assist\u00eancia ao educando;<br \/>-Manuten\u00e7\u00e3o de bibliotecas escolares, Biblioteca P\u00fablica e Museu;<br \/>-Manuten\u00e7\u00e3o de cadastros escolares;<br \/>-Distribui\u00e7\u00e3o de material did\u00e1tico, assessoramento;<br \/>-Realiza\u00e7\u00e3o de cursos de atualiza\u00e7\u00e3o e aperfei\u00e7oamento para o Magist\u00e9rio Municipal,<br \/>planejando e aplicando a educa\u00e7\u00e3o pedag\u00f3gica local;<br \/>-Apoio e assist\u00eancia a aluno especial;<br \/>-Apoio aos CPM\u2019s, CE ( Conselhos Escolares )\u00a0 e Conselho Municipal de Educa\u00e7\u00e3o.<br \/>Desenvolvimento de atividades, projetos e programas educacionais de fomento cultural e desporto no que tange as escolas municipais e da execu\u00e7\u00e3o, em conformidade com a legisla\u00e7\u00e3o municipal, estadual, e federal aplic\u00e1veis as determina\u00e7\u00f5es e diretrizes estabelecidas pela pol\u00edtica de educa\u00e7\u00e3o municipal e tudo mais inerente aos encargos legais e atribui\u00e7\u00f5es de sua \u00f3rbita de compet\u00eancia.<\/p><ul><li>Lista de Espera da EMEIS 2023.<\/li><\/ul><\/div>\n\t\t\t\t<\/div>\n\t\t\t\t\t\t\t<div class=\"elementor-toggle-item\">\n\t\t\t\t\t<div id=\"elementor-tab-title-2573\" class=\"elementor-tab-title\" data-tab=\"3\" role=\"button\" aria-controls=\"elementor-tab-content-2573\" aria-expanded=\"false\">\n\t\t\t\t\t\t\t\t\t\t\t\t<span class=\"elementor-toggle-icon elementor-toggle-icon-left\" aria-hidden=\"true\">\n\t\t\t\t\t\t\t\t\t\t\t\t\t\t\t<span class=\"elementor-toggle-icon-closed\"><i class=\"fas fa-caret-right\"><\/i><\/span>\n\t\t\t\t\t\t\t\t<span class=\"elementor-toggle-icon-opened\"><i class=\"elementor-toggle-icon-opened fas fa-caret-up\"><\/i><\/span>\n\t\t\t\t\t\t\t\t\t\t\t\t\t<\/span>\n\t\t\t\t\t\t\t\t\t\t\t\t<a class=\"elementor-toggle-title\" tabindex=\"0\">LISTA DE ESPERA DAS EMEIS 2023.<\/a>\n\t\t\t\t\t<\/div>\n\n\t\t\t\t\t<div id=\"elementor-tab-content-2573\" class=\"elementor-tab-content elementor-clearfix\" data-tab=\"3\" role=\"region\" aria-labelledby=\"elementor-tab-title-2573\"><p>Vagas dispon\u00edveis nas EMEIS do Munic\u00edpio de Sobradinho<\/p><p>No momento o Munic\u00edpio n\u00e3o possu\u00ed Lista de espera por vagas de Educa\u00e7\u00e3o infantil.<\/p><p>Atualizado em 22\/05\/2025<\/p><p>\u00a0<\/p><p><strong>EMEI Maria Vit\u00f3ria Pohlmann<\/strong><\/p><p>Maternal A -0 Vagas dispon\u00edveis<\/p><p>Maternal B- 5 Vagas dispon\u00edveis<\/p><p>Maternal C- 9 Vagas dispon\u00edveis<\/p><p>Pr\u00e9 A tarde \u2013 8 Vagas dispon\u00edveis<\/p><p>Pr\u00e9 A\/B manh\u00e3- 9 Vagas dispon\u00edveis<\/p><p>\u00a0<\/p><p><strong>EMEI Santa Rita<\/strong><\/p><p>Ber\u00e7\u00e1rio I-\u00a0 4 Vagas dispon\u00edveis<\/p><p>Ber\u00e7\u00e1rio II- 3 Vagas dispon\u00edveis<\/p><p>Maternal A- 0 Vagas dispon\u00edveis<\/p><p>Maternal B \u2013 1 Vagas dispon\u00edveis<\/p><p>Maternal C- 0 Vagas dispon\u00edveis<\/p><p>Pr\u00e9 A manh\u00e3- 7 Vagas dispon\u00edveis<\/p><p>Pr\u00e9 A tarde- 1 Vagas dispon\u00edveis<\/p><p>Pr\u00e9 B manh\u00e3- 8 Vagas dispon\u00edveis<\/p><p>Pr\u00e9 B tarde- 0 Vagas dispon\u00edveis<\/p><p>\u00a0<\/p><p><strong>EMEI Dudu<\/strong><\/p><p>Ber\u00e7\u00e1rio- 1 Vagas dispon\u00edveis<\/p><p>Maternal A- 5 Vagas dispon\u00edveis<\/p><p>Maternal B- 4 Vagas dispon\u00edveis<\/p><p>Maternal C- 7 Vagas dispon\u00edveis<\/p><p>\u00a0<\/p><p><strong>EMEI Nossa Senhora Aparecida<\/strong><\/p><p>Ber\u00e7\u00e1rio I-\u00a0 0 Vagas dispon\u00edveis<\/p><p>Ber\u00e7\u00e1rio II-\u00a0 6 Vagas dispon\u00edveis<\/p><p>Maternal A I-\u00a0 2 Vagas dispon\u00edveis<\/p><p>Maternal\u00a0 A II- 3 Vagas dispon\u00edveis<\/p><p>Maternal\u00a0 B I- 6 Vagas dispon\u00edveis<\/p><p>Maternal\u00a0 BII- 6 Vagas dispon\u00edveis<\/p><p>Maternal\u00a0 C I- 0 Vagas dispon\u00edveis<\/p><p>Maternal\u00a0 C II- 0 Vagas dispon\u00edveis<\/p><p>\u00a0<\/p><p>\u00a0<\/p><p><strong>EMEI Titico<\/strong><\/p><p>Maternal\u00a0 A- 1 Vagas dispon\u00edveis<\/p><p>Maternal\u00a0\u00a0 B- 6 Vagas dispon\u00edveis<\/p><p>Maternal\u00a0 C- 2 Vagas dispon\u00edveis<\/p><p>\u00a0<\/p><p><strong>EMEI Abelhinha Feliz<\/strong><\/p><p>Ber\u00e7\u00e1rio \u2013 0 Vagas dispon\u00edveis<\/p><p>Maternal\u00a0 A I-\u00a0 0 Vagas dispon\u00edveis<\/p><p>Maternal\u00a0 A II-\u00a0 2 Vagas dispon\u00edveis<\/p><p>Maternal\u00a0 B I- 0 Vagas dispon\u00edveis<\/p><p>Maternal B II- 2 Vagas dispon\u00edveis<\/p><p>Maternal\u00a0 C I- 4 Vagas dispon\u00edveis<\/p><p>Maternal C II- 4 Vagas dispon\u00edveis<\/p><\/div>\n\t\t\t\t<\/div>\n\t\t\t\t\t\t\t\t<\/div>\n\t\t\t\t\t\t<\/div>\n\t\t\t\t<\/div>\n\t\t\t\t\t<\/div>\n\t\t<\/div>\n\t\t\t\t\t<\/div>\n\t\t<\/section>\n\t\t\t\t<\/div>\n\t\t","protected":false},"excerpt":{"rendered":"<p>PLANEJAMENTO E RELAT\u00d3RIO DE GEST\u00c3O EM EDUCA\u00c7\u00c3O Plano Municipal de Educa\u00e7\u00e3o Relat\u00f3rio de Resultados ATRIBUI\u00c7\u00d5ES DA SECRETARIA DA EDUCA\u00c7\u00c3O Est\u00e1 [&hellip;]<\/p>\n","protected":false},"author":2,"featured_media":0,"parent":0,"menu_order":0,"comment_status":"closed","ping_status":"closed","template":"","meta":{"_eb_attr":"","site-sidebar-layout":"default","site-content-layout":"","ast-site-content-layout":"default","site-content-style":"default","site-sidebar-style":"default","ast-global-header-display":"","ast-banner-title-visibility":"","ast-main-header-display":"","ast-hfb-above-header-display":"","ast-hfb-below-header-display":"","ast-hfb-mobile-header-display":"","site-post-title":"","ast-breadcrumbs-content":"","ast-featured-img":"","footer-sml-layout":"","theme-transparent-header-meta":"","adv-header-id-meta":"","stick-header-meta":"","header-above-stick-meta":"","header-main-stick-meta":"","header-below-stick-meta":"","astra-migrate-meta-layouts":"default","ast-page-background-enabled":"default","ast-page-background-meta":{"desktop":{"background-color":"var(--ast-global-color-4)","background-image":"","background-repeat":"repeat","background-position":"center center","background-size":"auto","background-attachment":"scroll","background-type":"","background-media":"","overlay-type":"","overlay-color":"","overlay-opacity":"","overlay-gradient":""},"tablet":{"background-color":"","background-image":"","background-repeat":"repeat","background-position":"center center","background-size":"auto","background-attachment":"scroll","background-type":"","background-media":"","overlay-type":"","overlay-color":"","overlay-opacity":"","overlay-gradient":""},"mobile":{"background-color":"","background-image":"","background-repeat":"repeat","background-position":"center center","background-size":"auto","background-attachment":"scroll","background-type":"","background-media":"","overlay-type":"","overlay-color":"","overlay-opacity":"","overlay-gradient":""}},"ast-content-background-meta":{"desktop":{"background-color":"var(--ast-global-color-5)","background-image":"","background-repeat":"repeat","background-position":"center center","background-size":"auto","background-attachment":"scroll","background-type":"","background-media":"","overlay-type":"","overlay-color":"","overlay-opacity":"","overlay-gradient":""},"tablet":{"background-color":"var(--ast-global-color-5)","background-image":"","background-repeat":"repeat","background-position":"center center","background-size":"auto","background-attachment":"scroll","background-type":"","background-media":"","overlay-type":"","overlay-color":"","overlay-opacity":"","overlay-gradient":""},"mobile":{"background-color":"var(--ast-global-color-5)","background-image":"","background-repeat":"repeat","background-position":"center center","background-size":"auto","background-attachment":"scroll","background-type":"","background-media":"","overlay-type":"","overlay-color":"","overlay-opacity":"","overlay-gradient":""}},"footnotes":""},"class_list":["post-14777","page","type-page","status-publish","hentry"],"_links":{"self":[{"href":"http:\/\/www.sobradinho.rs.gov.br\/portal\/index.php?rest_route=\/wp\/v2\/pages\/14777","targetHints":{"allow":["GET"]}}],"collection":[{"href":"http:\/\/www.sobradinho.rs.gov.br\/portal\/index.php?rest_route=\/wp\/v2\/pages"}],"about":[{"href":"http:\/\/www.sobradinho.rs.gov.br\/portal\/index.php?rest_route=\/wp\/v2\/types\/page"}],"author":[{"embeddable":true,"href":"http:\/\/www.sobradinho.rs.gov.br\/portal\/index.php?rest_route=\/wp\/v2\/users\/2"}],"replies":[{"embeddable":true,"href":"http:\/\/www.sobradinho.rs.gov.br\/portal\/index.php?rest_route=%2Fwp%2Fv2%2Fcomments&post=14777"}],"version-history":[{"count":16,"href":"http:\/\/www.sobradinho.rs.gov.br\/portal\/index.php?rest_route=\/wp\/v2\/pages\/14777\/revisions"}],"predecessor-version":[{"id":19189,"href":"http:\/\/www.sobradinho.rs.gov.br\/portal\/index.php?rest_route=\/wp\/v2\/pages\/14777\/revisions\/19189"}],"wp:attachment":[{"href":"http:\/\/www.sobradinho.rs.gov.br\/portal\/index.php?rest_route=%2Fwp%2Fv2%2Fmedia&parent=14777"}],"curies":[{"name":"wp","href":"https:\/\/api.w.org\/{rel}","templated":true}]}}